{"id":335,"date":"2023-05-09T16:13:53","date_gmt":"2023-05-09T16:13:53","guid":{"rendered":"https:\/\/feiradaserra.cm-sbras.pt\/fs\/?page_id=335"},"modified":"2025-07-25T11:24:35","modified_gmt":"2025-07-25T11:24:35","slug":"roteiro","status":"publish","type":"page","link":"https:\/\/feiradaserra.cm-sbras.pt\/fs\/?page_id=335","title":{"rendered":"Roteiro"},"content":{"rendered":"\n\n\n\n\n<p>Roteiro<\/p>\n\n\n\n\n<p>Lorem Ipsum has been the industry&#8217;s standard dummy text ever since the 1500s.<\/p>\n\n<p>\u00a0<\/p>\n\n<p>Descarregue o <strong><a href=\"https:\/\/feiradaserra.cm-sbras.pt\/fs\/wp-content\/uploads\/2025\/07\/roteiro_mapa_2025_web.pdf\">Roteiro da Feira da Serra 2025<\/a><\/strong>.<\/p>\n\n\n\n<p><strong>Bem-vindo \u00e0 Feira da Serra de S\u00e3o Br\u00e1s de Alportel!<\/strong><\/p>\n\n\n<p><br><\/p>\n\n<p class=\"MsoNormal\" style=\"text-align:justify\"><b><i><span style=\"color:#385623;\nmso-themecolor:accent6;mso-themeshade:128\"><\/span><\/i><\/b><\/p><span style=\"color:#000000;\"><p class=\"MsoNormal\" style=\"text-align:justify\"><b><i><span style=\"\">Em 202<span style=\"\"><\/span>5, o cora\u00e7\u00e3o do Algarve vibra\nna Feira da Serra\u2026 que tal como o mel, o nosso convidado especial deste ano, se\nafirma a cada edi\u00e7\u00e3o pela sua versatilidade, sustentabilidade e autenticidade,\nassim como pela forma como ambas se mant\u00eam ligadas \u00e0 terra, \u00e0 gastronomia, \u00e0\neconomia, \u00e0 cultura e \u00e0 hist\u00f3ria do Algarve.<o:p><\/o:p><\/span><\/i><\/b><\/p><p class=\"MsoNormal\" style=\"text-align:justify\"><b><i><span style=\"\">Nesta edi\u00e7\u00e3o, vamos conhecer mais\nsobre o mel e perceber de que forma est\u00e1 a ser preservado, valorizado,\nutilizado e at\u00e9 reinventado de olhos postos no futuro.<o:p><\/o:p><\/span><\/i><\/b><\/p><p class=\"MsoNormal\" style=\"text-align:justify\"><b>&nbsp;<\/b><\/p><p class=\"MsoNormal\" style=\"text-align:justify\"><b><i><span style=\"\">Muito mais do que um festival de\nartesanato e gastronomia ou de um cartaz de anima\u00e7\u00e3o\u2026<o:p><\/o:p><\/span><\/i><\/b><\/p><p class=\"MsoNormal\" style=\"text-align:justify\"><b><i><span style=\"\">\u2026 a Feira da Serra \u00e9 tudo isso e\nmuito mais, com anima\u00e7\u00e3o para toda a fam\u00edlia numa diversidade de espa\u00e7os e\natividades para todos! <o:p><\/o:p><\/span><\/i><\/b><\/p><p class=\"MsoNormal\" style=\"text-align:justify\"><b>&nbsp;<\/b><\/p><p class=\"MsoNormal\" style=\"text-align:justify\"><b><i><span style=\"\">Ao longo de quatro dias, a Feira da\nSerra convida a uma rota \u00fanica de experi\u00eancias para todos, em <u>6 palcos<\/u> e\n<u>21 diferentes espa\u00e7os tem\u00e1ticos<\/u>, <u>numa rota de experi\u00eancias inesquec\u00edveis<\/u>!<o:p><\/o:p><\/span><\/i><\/b><\/p><p class=\"MsoNormal\" style=\"text-align:justify\"><b>&nbsp;<\/b><\/p><p class=\"MsoNormal\" style=\"text-align:justify\"><b><i><span style=\"\">Temos encontro marcado com mais de\numa centena de artes\u00e3os, assim como com os sabores da serra e do barrocal nos <u>9\nespa\u00e7os gastron\u00f3micos<\/u> e nos muitos pontos que o surpreender\u00e3o pelo recinto.\n<o:p><\/o:p><\/span><\/i><\/b><\/p><p class=\"MsoNormal\" style=\"text-align:justify\"><b>&nbsp;<\/b><\/p><p>\n\n\n\n\n\n\n\n\n\n\n\n\n\n\n\n\n\n\n\n<\/p><p class=\"MsoNormal\" style=\"text-align:justify\"><b><i><span style=\"\">Fica ainda o convite para dan\u00e7ar nos\nbailes serranos e desfrutar de um programa de anima\u00e7\u00e3o com <u>mais de 60 horas\nde espet\u00e1culos<\/u>.&nbsp;<\/span><\/i><\/b><\/p><\/span><p class=\"MsoNormal\" style=\"text-align:justify\"><b><i><span style=\"color:#385623;\nmso-themecolor:accent6;mso-themeshade:128\"><o:p><\/o:p><\/span><\/i><\/b><\/p>\n\n\n\n\n\n\n\n<p>Lorem Ipsum has been the industry&#8217;s standard dummy text ever since the 1500s.<\/p>\n\n\n\n\n<h4 [object NamedNodeMap]>S\u00edtio do Mel<\/h4>\n\n\n<p [object NamedNodeMap]>[Tema da Feira]<\/p>\n\n<p [object=\"\" namednodemap]=\"\">Ao cora\u00e7\u00e3o da Feira da Serra 2025 regressa um espa\u00e7o especial, doce e cheio de vida: o S\u00edtio do Mel, dedicado a um dos mais preciosos tesouros naturais da nossa regi\u00e3o \u2013 o mel \u2013 e \u00e0s incans\u00e1veis guardi\u00e3s da biodiversidade: as abelhas!<\/p>\n<p [object=\"\" namednodemap]=\"\">Neste espa\u00e7o, celebramos a riqueza deste produto ancestral que \u00e9, ao mesmo tempo, alimento, rem\u00e9dio, inspira\u00e7\u00e3o e heran\u00e7a viva do nosso territ\u00f3rio. Com sabores que variam consoante as flores e as esta\u00e7\u00f5es, o mel \u00e9 um s\u00edmbolo da autenticidade da serra e da rela\u00e7\u00e3o harmoniosa entre o ser humano e a natureza.<\/p>\n<p [object=\"\" namednodemap]=\"\"><strong><\/strong>Propriedades do Mel<\/p><p [object=\"\" namednodemap]=\"\">Mais do que um ado\u00e7ante natural, o mel \u00e9 um alimento funcional, com propriedades:<\/p>\n<p [object=\"\" namednodemap]=\"\">\u2022<span style=\"white-space:pre\">\t<\/span>Antibacterianas e anti-inflamat\u00f3rias<\/p><p [object=\"\" namednodemap]=\"\">\u2022<span style=\"white-space:pre\">\t<\/span>Energ\u00e9ticas e cicatrizantes<\/p><p [object=\"\" namednodemap]=\"\">\u2022<span style=\"white-space:pre\">\t<\/span>Ricas em antioxidantes, enzimas e vitaminas<\/p>\n<p [object=\"\" namednodemap]=\"\">\u00c9 utilizado h\u00e1 mil\u00e9nios na gastronomia, na medicina tradicional, na cosm\u00e9tica natural e, mais recentemente, em produtos diet\u00e9ticos e inovadores. Cada colher transporta o sabor da terra e o trabalho minucioso de milhares de abelhas.<\/p>\n<p [object=\"\" namednodemap]=\"\"><b>O Papel das Abelhas<\/b><\/p><p [object=\"\" namednodemap]=\"\">Neste espa\u00e7o, convidamos os visitantes a conhecer tamb\u00e9m as verdadeiras protagonistas: as abelhas \u2013 respons\u00e1veis por mais de 75% da poliniza\u00e7\u00e3o das plantas que alimentam o mundo.<\/p>\n<p [object=\"\" namednodemap]=\"\">Sem as abelhas, a agricultura, os ecossistemas e a biodiversidade estariam em risco. Elas s\u00e3o as guardi\u00e3s do equil\u00edbrio ecol\u00f3gico e agentes indispens\u00e1veis no ciclo da vida.<\/p>\n<p [object=\"\" namednodemap]=\"\">Um Espa\u00e7o de Aprendizagem e Inspira\u00e7\u00e3o<\/p><p [object=\"\" namednodemap]=\"\">Este \u00e9 um lugar onde o saber antigo encontra a inova\u00e7\u00e3o, e onde valorizamos a natureza e quem a protege. O S\u00edtio do Mel \u00e9 mais do que um espa\u00e7o de exposi\u00e7\u00e3o \u2014 \u00e9 um convite a refletir sobre a sustentabilidade, a consumir local e conscientemente, e a proteger os polinizadores que garantem o nosso futuro.<\/p>\n\n\n\n\n\n<span style=\"color:#ffffff;\">O fazer tradicional<\/span>\n\n\n<h6>Aldeia Serrana<br><\/h6>\n\n\n<p>Na Aldeia Serrana, pode adquirir as pe\u00e7as do mais genu\u00edno artesanato, feitas com os materiais da regi\u00e3o, por m\u00e3os que conhecem a mestria do tempo, e apreciar os bons produtos da Serra do Caldeir\u00e3o, como os doces regionais, o mel, a aguardente, os licores, os gelados caseiros, o p\u00e3o de noz, de cebola ou de sementes, um infind\u00e1vel mundo de aromas, sabores e texturas.<br><\/p>\n\n\n\n\n<span style=\"color:#ffffff;\">As mem\u00f3rias do paladar<\/span>\n\n\n<h6>Encontro Sabores<br><\/h6>\n\n\n<p>A boa gastronomia tamb\u00e9m est\u00e1 presente na Feira, no Encontro de Sabores, com 6 espa\u00e7os de restaura\u00e7\u00e3o e 2 tasquinhas, onde pode saborear os aromas e paladares da cozinha tradicional.<br><\/p>\n\n\n\n\n<span style=\"color:#ffffff;\">O lugar ao associativismo<\/span>\n\n\n<h6>Encontro de Saberes<br><\/h6>\n\n\n<p>For\u00e7a viva de uma comunidade, o associativismo est\u00e1 presente na Feira, com um espa\u00e7o de mostra de atividades e informa\u00e7\u00e3o de associa\u00e7\u00f5es locais e entidades regionais. H\u00e1 ateli\u00eas, passatempos, jogos, m\u00fasica e muitas outras propostas de entretenimento.<br><\/p>\n\n\n\n\n<span style=\"color:#ffffff;\">Saberes e afazeres de outros tempos<\/span>\n\n\n<h6>Encontro de Of\u00edcios<br><\/h6>\n\n\n<p>O s\u00edtio dos of\u00edcios proporciona aos visitantes uma viagem ao passado pelas m\u00e3os dos mestres que trabalham ao vivo os of\u00edcios de outrora: o moer do trigo, o fiar do linho, o trabalhar a palma e o esparto, o conserto do cal\u00e7ado\u2026 os misteres tradicionais que constituem um valioso tesouro cultural que importa preservar da voraz passagem do tempo.<br><\/p>\n\n\n\n\n\n\n<span style=\"color:#ffffff;\">A Arte Equestre<\/span>\n\n\n<h6>Picadeiro<br><\/h6>\n\n\n<p>Espa\u00e7o de paix\u00e3o pela arte equestre, o Picadeiro convida a momentos de partilha e novas experi\u00eancias que ficam na mem\u00f3ria dos visitantes!<br><\/p>\n\n\n\n\n<span style=\"color:#ffffff;\">Qual \u00e9 o animal que cai e fica sempre em p\u00e9?<\/span>\n\n\n<h6>S\u00edtio dos Animais<br><\/h6>\n\n\n<p>Os animais t\u00edpicos da Serra d\u00e3o-se a conhecer no S\u00edtio dos Animais, um espa\u00e7o que acolhe burros, um cavalo, cabras, ovelhas, codornizes, perdizes, galinhas, coelhos, p\u00f3neis, patos, gansos\u2026entre muitas outras esp\u00e9cies aut\u00f3ctones.<\/p><p>Nesta edi\u00e7\u00e3o, pode visitar a <strong>Capoeira<\/strong>, que conta com um ber\u00e7\u00e1rio, a <strong>Cabana <\/strong>e o <strong>Curral<\/strong>!!<\/p>\n\n\n<p> E prepare-se para se surpreender com os <strong>Bichos do MATO!!<\/strong><\/p>\n\n\n<p><strong>[Novidade] Capoeira da Feira da Serra<\/strong>&nbsp;<\/p><p>Com o tempo de f\u00e9rias \u00e0 porta, o S\u00edtio dos Animais tem a casa cheia de fam\u00edlia!<\/p><p>A Capoeira da Feira d\u00e1 a conhecer v\u00e1rias esp\u00e9cies de patos, gansos e diversas ra\u00e7as de galinhas aut\u00f3ctones. Pela primeira vez vamos ter uma &#8220;nascedoura&#8221; onde v\u00e3o nascer os primeiros pintainhos da Feira da Serra!<\/p>\n\n\n\n\n<span style=\"color:#ffffff;\">Aprender a Brincar<\/span>\n\n\n<h6>S\u00edtio dos Curiosos<br><\/h6>\n\n\n<p><strong>O mundo do faz-de-conta<\/strong><\/p>\n\n\n<p><span style=\"font-weight: inherit;\">Este \u00e9 o espa\u00e7o dedicado \u00e0 pequenada. Um espa\u00e7o de anima\u00e7\u00e3o infantil, preparado para receber os visitantes mais jovens, com um mundo de brincadeiras e atividades \u00e0 sua espera.\u00a0<\/span><\/p>\n\n\n<p><span style=\"font-weight: inherit;\"><\/span><span style=\"font-weight: inherit;\">Neste s\u00edtio m\u00e1gico, sob a orienta\u00e7\u00e3o de profissionais de educa\u00e7\u00e3o, as crian\u00e7as podem brincar e aprender. Aqui v\u00e3o encontrar insufl\u00e1veis; fazer tiro com arco com v\u00e1rios arcos, alvos e jogos com bal\u00f5es, manobras de cordas com diferentes pontes, trampolins, atividades l\u00fadico-pedag\u00f3gicas na \u00e1rea da ci\u00eancia, atividades na \u00e1rea da psicomotricidade e atividades para pais e filhos.\u00a0<\/span><\/p>\n\n\n<p><span style=\"font-weight: inherit; font-weight: inherit;\"><\/span><span style=\"font-weight: inherit;\">No S\u00edtio dos Curiosos a anima\u00e7\u00e3o est\u00e1 garantida diariamente entre as 19h00 e as 00h00.<\/span><\/p>\n\n\n\n\n<span style=\"color:#ffffff;\">Descubra &#8230; que viver sabe bem!<\/span>\n\n\n<h6>Pra\u00e7a do Munic\u00edpio<br><\/h6>\n\n\n<p>Descubra o territ\u00f3rio de S\u00e3o Br\u00e1s de Alportel! Conhe\u00e7a melhor a hist\u00f3ria do passado s\u00e3o-brasense e trilhe os caminhos que conduzem a uma terra com futuro! <\/p>\n\n\n<p>Aproveite ainda para participar no Passatempo do Stand do munic\u00edpio e habilite-se a pr\u00e9mios fant\u00e1sticos!<\/p>\n\n\n\n\n\n\n<span style=\"color:#ffffff;\">Os Produtos locais<\/span>\n\n\n<h6>O Mercado vai \u00e0 Feira<br><\/h6>\n\n\n<p>A frescura da tradi\u00e7\u00e3o revela-se no S\u00edtio do Mercado Municipal, agrad\u00e1veis bancas ilustram este espa\u00e7o de qualidade dando a conhecer os produtos da agricultura local, saborosos e saud\u00e1veis, plantados com sabedoria e amadurecidos pelo tempo, indispens\u00e1vel ao seu crescimento natural.<\/p>\n\n\n\n\n<span style=\"color:#ffffff;\">Vinhos do Algarve<\/span>\n\n\n<h6>S\u00edtio do Vinho<br><\/h6>\n\n\n<p>A boa gastronomia tamb\u00e9m est\u00e1 presente na Feira, no Encontro de Sabores, com 6 espa\u00e7os de restaura\u00e7\u00e3o e 2 tasquinhas, onde pode saborear os aromas e paladares da cozinha tradicional.<\/p>\n\n\n<p>Fa\u00e7a um brinde \u00e0 tradi\u00e7\u00e3o neste espa\u00e7o de encontro os vinhos do Algarve.<br><\/p>\n\n\n\n\n<span style=\"color:#ffffff;\">As plantas e flores<\/span>\n\n\n<h6>Jardins da Serra e do Barrocal<br><\/h6>\n\n\n<p>Neste recanto especial, conhe\u00e7a algumas das esp\u00e9cies mais adequadas \u00e0 nossa regi\u00e3o numa mostra diversificada de flores, arbustos, suculentas e muito mais\u2026<br><\/p>\n\n\n\n\n<span style=\"color:#ffffff;\">Jogos de Divers\u00e3o&nbsp;<\/span>\n\n\n<h6>Pra\u00e7a da Divers\u00e3o<br><\/h6>\n\n\n<p>Este espa\u00e7o desafia mi\u00fados e gra\u00fados a bons momentos de divers\u00e3o e conv\u00edvio num conjunto diversificado de jogos e divers\u00f5es dispon\u00edveis para todas as idades.<br><\/p>\n\n\n\n\n\n<p>Nesta edi\u00e7\u00e3o de <b>2025<\/b>, de <b>24 a 27 de julho<\/b>, a anima\u00e7\u00e3o sente-se, vive-se e dan\u00e7a-se dentro e fora dos palcos do certame.&nbsp;<br><\/p>\n\n\n\n\n\n\n<p><strong>5\u00aa FEIRA<\/strong><\/p>\n<p>Lorem Ipsum has been the industry&#8217;s standard dummy text ever since the 1500s.<\/p>\n<p>22h00 | <b>TerraSul<\/b><\/p>\n<p>Lorem Ipsum has been the industry&#8217;s standard dummy text ever since the 1500s.<\/p>\n<p>23h30 |&nbsp;<strong>MATIAS DAM\u00c1SIO<\/strong><\/p>\n<p>Lorem Ipsum has been the industry&#8217;s standard dummy text ever since the 1500s.<\/p>\n<p>01h00 | Baile Serrano com <b>R\u00faben Filipe<\/b><\/p>\n\n\n<p><strong>6\u00aa FEIRA<\/strong><\/p>\n<p>Lorem Ipsum has been the industry&#8217;s standard dummy text ever since the 1500s.<\/p>\n22h00 | <b>Beatriz Pereira<\/b>\n<p>Lorem Ipsum has been the industry&#8217;s standard dummy text ever since the 1500s.<\/p>\n23h30 | <strong>EMANUEL<\/strong>\n<p>Lorem Ipsum has been the industry&#8217;s standard dummy text ever since the 1500s.<\/p>\n01h00 | Baile Serrano com <b>V\u00edtor Alves<\/b>\n\n\n<p><strong>S\u00c1BADO<\/strong><\/p>\n<p>Lorem Ipsum has been the industry&#8217;s standard dummy text ever since the 1500s.<\/p>\n<p>22h00 | <b>Super Pop<\/b><\/p>\n<p>Lorem Ipsum has been the industry&#8217;s standard dummy text ever since the 1500s.<\/p>\n<p>23h30 | <strong>PEDRO ABRUNHOSA<\/strong><\/p>\n<p>Lorem Ipsum has been the industry&#8217;s standard dummy text ever since the 1500s.<\/p>\n<p>01h00 | Baile Serrano com <b>David Brito<\/b><\/p>\n\n\n<p><strong>DOMINGO<\/strong><\/p>\n<p>Lorem Ipsum has been the industry&#8217;s standard dummy text ever since the 1500s.<\/p>\n<p>22h00 | <b>ArtMusa<\/b><\/p>\n<p>Lorem Ipsum has been the industry&#8217;s standard dummy text ever since the 1500s.<\/p>\n<p>23h30 | <strong>CAROLINA DESLANDES<\/strong><\/p>\n\n\n\n<p style=\"text-align: left;\">Os palcos da Feira da Serra t\u00eam vindo ano ap\u00f3s ano a colecionar espet\u00e1culos e momentos verdadeiramente inesquec\u00edveis e marcantes!<\/p><p style=\"text-align: left;\"><strong>Ponto de honra: o palco abre diariamente com ADN S\u00e3o-brasense e a noite termina ao som dos divertidos e intergeracionais Bailes Serranos!<\/strong><\/p>\n\n\n\n\n\n\n\n\n\n<p><strong>5\u00aa FEIRA<\/strong><\/p>\n\n<p>20h30 | <b>Grupo Carolas<\/b><\/p>\n\n<p>21h30 | <strong>Ana Newton Duo<\/strong><\/p>\n\n<p>22h00 | <strong>Acorde\u00e3o Ib\u00e9rico<\/strong><\/p>\n\n\n<p><strong>6\u00aa FEIRA<\/strong><\/p>\n\n<p>20h30 | <strong>Escola de Dan\u00e7a Municipal<\/strong><\/p>\n\n<p>21h30 | <strong>Grupo Jasmim<\/strong><\/p>\n\n<p>22h00 | <strong>Let&#8217;s Go Out<\/strong><\/p>\n\n\n<p><strong>S\u00c1BADO<\/strong><\/p>\n\n<p>20h30 | <strong>Rancho T\u00edpico Sambrasense<\/strong><\/p>\n\n<p>21h30 | <strong>Waking Angels<\/strong><\/p>\n\n<p>22h00 | <strong>Sniffy Covers Band<\/strong><\/p>\n\n\n<p><strong>DOMINGO<\/strong><\/p>\n\n<p>20h30 | <strong>S\u00e3o Br\u00e1s Bailando<\/strong><\/p>\n\n<p>21h30 | <strong>Vozes do Barrocal<\/strong><\/p>\n\n<p>22h00 | <strong>Cante Andarilho<\/strong><\/p>\n\n\n<p>Lorem Ipsum has been the industry&#8217;s standard dummy text ever since the 1500s.<\/p>\n<p>O Palco Sonoridades conta com um programa recheado com atua\u00e7\u00f5es de ranchos folcl\u00f3ricos, anima\u00e7\u00e3o infantil, hip hop, dan\u00e7a, zumba, entre muitas outras propostas!<\/p>\n\n\n\n\n\n\n\n\n<p>Lorem Ipsum has been the industry&#8217;s standard dummy text ever since the 1500s.<\/p>\n\n\n<p>Este \u00e9 um espa\u00e7o dedicado \u00e0 Juventude e acolhe o Palco Jovem, que vai dar a conhecer novos e jovens talentos art\u00edsticos algarvios, entre os quais os jovens que v\u00e3o fazer o seu batismo de palco com a Banda Feira da Serra! \u00c0 semelhan\u00e7a de outros anos, este \u00e9 um palco que se espera recheado de sucesso e que promete surpreender o p\u00fablico.<\/p>\n\n\n\n\n<p><strong>5\u00aa FEIRA<\/strong><\/p>\n<p><b>22h00<\/b> | Abertura com apresenta\u00e7\u00e3o da Gin\u00e1stica Acrob\u00e1tica&nbsp;<br>Duo Laura&amp;Miguel<\/p>\n<p><b>22h30<\/b> | M\u00fasica J\u00e1: Levantando o Astral<\/p>\n\n\n<p><strong>6\u00aa FEIRA<\/strong><\/p>\n<p><b>21h30<\/b> | Dj&#8217;s Session: DJ GERO<\/p>\n<p><b>21h00 <\/b>| Urban Xpression<\/p>\n<p><b>22h30<\/b> | Jo\u00e3o Cavaco e Catarina Cavaco<\/p>\n\n\n<p><strong>S\u00c1BADO<\/strong><\/p>\n<p><b>21h00<\/b> | Demonstra\u00e7\u00e3o de Zumba<\/p>\n<p><b>21h30<\/b> | Dj&#8217;s Session: DJ Innetek<\/p>\n<p><b>22h30<\/b> | Banda Feira da Serra Jovem com apresenta\u00e7\u00e3o de novos projetos musicais: Matilde Belchior e Rita Martins<\/p>\n\n\n<p><strong>DOMINGO<\/strong><\/p>\n<p><b>21h00<\/b> | Dan\u00e7a e Mente &#8211; Dan\u00e7a Contempor\u00e2nea<\/p>\n<p><b>21h30<\/b> | Dj&#8217;s Session: DJ Rodrigo PT<\/p>\n<p><b>22h30<\/b> | Cl\u00e1udia e In\u00eas<\/p>\n<p><b>23h00<\/b> | Young Melody<\/p>\n\n\n\n\n\n\n\n\n<p>Lorem Ipsum has been the industry&#8217;s standard dummy text ever since the 1500s.<\/p>\n<p>Neste espa\u00e7o especial, as propostas saborosas e as demonstra\u00e7\u00f5es gastron\u00f3micas v\u00e3o animar o Palco Sabores.<\/p>\n\n\n<span style=\"font-weight: 700;\">PROGRAMA:<\/span>\n<span style=\"font-weight: 700;\">5\u00aa FEIRA<\/span>\n<p><span style=\"font-weight: 700;\">19h30&nbsp;<\/span>&#8211; Apresenta\u00e7\u00e3o v\u00ednica pela Quinta da T\u00f4r<br><span style=\"font-weight: 700;\">20h30<\/span>&nbsp;&#8211; Demonstra\u00e7\u00e3o Gastron\u00f3mica &#8211; Chef Andr\u00e9 Rodrigues<br><span style=\"font-weight: 700;\">22h00&nbsp;<\/span>&#8211; Segredos da Confraria: Demonstra\u00e7\u00e3o de Docinhos da Serra, por Rosana Amaral, elaborados com mel, am\u00eandoas e nozes.<\/p>\n<p><span style=\"font-weight: 700;\">6\u00aa FEIRA<\/span><\/p>\n<p style=\"font-weight: 400;\"><span style=\"font-weight: 700;\">19h30&nbsp;<\/span>&#8211;&nbsp;Prova de Vinhos do Algarve com o en\u00f3logo Gilmar Brito.&nbsp;<span style=\"font-weight: inherit;\">Apoio: Comiss\u00e3o Vitivin\u00edcola do Algarve<\/span><\/p><p style=\"font-weight: 400;\">Parte 1<\/p><div><span style=\"font-weight: 700;\">20h30<\/span><span style=\"font-weight: inherit;\">&nbsp;&#8211;&nbsp;<\/span>Segredos da Confraria: Demonstra\u00e7\u00e3o de Docinhos da Serra, por Rosana Amaral, elaborados c\/ mel, am\u00eandoas, figo e nozes.<\/div><p style=\"font-weight: 400;\"><span style=\"font-weight: 700;\">22h00&nbsp;<\/span>&#8211; Prova de Vinhos do Algarve com o en\u00f3logo Gilmar Brito.&nbsp;<span style=\"font-weight: inherit;\">Apoio: Comiss\u00e3o Vitivin\u00edcola do Algarve<\/span><\/p><p style=\"font-weight: 400;\">Parte 2<\/p>\n<p><span style=\"font-weight: 700;\">S\u00c1BADO<\/span><\/p>\n<p style=\"font-weight: 400;\"><span style=\"font-weight: 700;\">19h30&nbsp;<\/span>&#8211; Segredos dos Confrades: pela Confraria Gastron\u00f3mica da Serra do Caldeir\u00e3o: N\u00f3gados, por Ot\u00edlia Cardeira.<\/p><p style=\"font-weight: 400;\"><span style=\"font-weight: 700;\">20h30<\/span>&nbsp;&#8211;&nbsp;Demonstra\u00e7\u00e3o Gastron\u00f3mica com a participa\u00e7\u00e3o da Escola de Hotelaria e Turismo do Algarve.<\/p><div><span style=\"font-weight: 700;\">22h00&nbsp;<\/span><span style=\"font-weight: inherit;\">&#8211;&nbsp;<\/span>Apresenta\u00e7\u00e3o de produtos de alimenta\u00e7\u00e3o canina \u2013 Projeto Bake My Dog.<\/div>\n<p><span style=\"font-weight: 700;\">DOMINGO<\/span><\/p>\n<p style=\"font-weight: 400;\"><span style=\"font-weight: 700;\">19h30&nbsp;<\/span>&#8211;&nbsp;Apresenta\u00e7\u00e3o de Licor&nbsp; D. Cristina, Licor de Mel do Algarve<\/p><div><span style=\"font-weight: 700;\">20h30<\/span><span style=\"font-weight: inherit;\">&nbsp;&#8211;&nbsp;<\/span>Demonstra\u00e7\u00e3o Gastron\u00f3mica: Chef Lu\u00eds Reis e&nbsp;<\/div><div>Chef Luiz Silva; Apresenta\u00e7\u00e3o projeto FATIA<\/div><div><span style=\"font-weight: 700;\">21h30&nbsp;<\/span>&#8211; Demonstra\u00e7\u00e3o de do\u00e7aria \u2013 Bolo de Mel por Gon\u00e7alo Mendon\u00e7a<br><span style=\"font-weight: 700;\">22h00&nbsp;<\/span>&#8211;&nbsp;Apresenta\u00e7\u00e3o da linha de cosm\u00e9tica \u00e0 base de mel com Al-Gharb Derma.<\/div>\n\n\n\n\n\n\n\n<p>Lorem Ipsum has been the industry&#8217;s standard dummy text ever since the 1500s.<\/p>\n<p><strong><\/strong><\/p>\n<p>A paix\u00e3o pelos cavalos vive-se ainda mais intensamente no Picadeiro numa edi\u00e7\u00e3o especial da Feira da Serra, onde as demonstra\u00e7\u00f5es equestres revelam todo o esplendor destes majestosos animais em espet\u00e1culo e na proximidade com o p\u00fablico.<\/p>\n\n\n<p><b>PROGRAMA:<\/b><\/p>\n<p><b>5\u00aa FEIRA<\/b><\/p>\n<p><b>19h00 <\/b>&#8211; Batismo a cavalo<br><b>21h00<\/b> &#8211; Apresenta\u00e7\u00e3o de poldros &#8211; Cria\u00e7\u00e3o de David Santos<br><b>21h30 <\/b>&#8211; Demonstra\u00e7\u00e3o de Volteio com a escola Equestrian Park<br><b>22h00 <\/b>&#8211; Super Dog Show com Catarina Santos<br><b>22h30<\/b> &#8211; Recinto aberto aos cavalos<\/p>\n<p><b>6\u00aa FEIRA<\/b><\/p>\n<p><b>19h00<\/b> &#8211; Batismo a cavalo<br><b>21h00<\/b> &#8211; Variedade Equestres por Lusitanus Miranda &#8211; Equestrian Art<br><b>21h30<\/b> &#8211; Super Dog Show com Catarina Santos<br><b>22h00 <\/b>&#8211; Recinto aberto aos cavalos<\/p>\n<p><b>S\u00c1BADO<\/b><\/p>\n<p><b>19h00 <\/b>&#8211; Batismo a cavalo<br><b>20h00<\/b> &#8211; Demonstra\u00e7\u00e3o de Volteio com a escola Equestrian Park<br><b>21h30<\/b> &#8211; Gala Equestre Lusitana &#8220;Paix\u00e3o&#8221; por Lusitanus Miranda &#8211; Equestrian Art com a presen\u00e7a de C\u00e9sar Matoso e Gariela Santana<br><b>22h30<\/b> &#8211; Recinto aberto aos cavalos<\/p>\n<p><b>DOMINGO<\/b><\/p>\n<p><b>19h00<\/b> &#8211; Batismo a cavalo<br><b>21h00<\/b> &#8211; Variedades Equestres por Lusitanus Miranda &#8211; Equestrian Art<br><b>22h00<\/b> &#8211; Recinto aberto aos cavalo<\/p>\n\n\n\n\n\n\n\n\n\n<p>O sucesso das apresenta\u00e7\u00f5es de obedi\u00eancia canina e outras modalidades na edi\u00e7\u00e3o de 2023, os melhores amigos dos Homens ganham um palco pr\u00f3prio! Todos os dias, entre as 19h45 e as 21h30 ser\u00e1 poss\u00edvel assistir a v\u00e1rias manifesta\u00e7\u00f5es de desporto canino.&nbsp;<\/p>\n\n\n<p style=\"font-weight: 400;\"><span style=\"font-weight: 700;\">PROGRAMA:<\/span><\/p>\n<p style=\"font-weight: 400;\"><span style=\"font-weight: 700;\">5\u00aa FEIRA&nbsp;<\/span><\/p><p style=\"\"><b>20:00<\/b><span style=\"font-weight: 400;\"> \u2013 Abertura do Palco com Treinos livres<\/span><\/p><p style=\"\"><b>20:00 <\/b><span style=\"font-weight: 400;\">&#8211; Demonstra\u00e7\u00e3o Obedi\u00eancia Social com a presen\u00e7a dos alunos da SBA Escola de C\u00e3es \u2013 COB: Certifica\u00e7\u00e3o de Obedi\u00eancia B\u00e1sica.&nbsp;<span style=\"font-weight: inherit;\">Ministrada pelo treinador canino certificado pela DGAV: Hern\u00e2ni Carneiro.&nbsp;<\/span><\/span><\/p><p style=\"\"><b>20:30<\/b><span style=\"font-weight: inherit;\"> &#8211;&nbsp;<\/span><span style=\"font-weight: inherit;\">Demonstra\u00e7\u00e3o de modalidades Desportivas caninas \u2013 Associa\u00e7\u00e3o Algharbravo<\/span><\/p><p style=\"font-weight: 400;\">Dog Puller: Catarina Santos com Cherry e Concha, Campe\u00e3 Nacional de Midi Running e Vice-campe\u00e3 Nacional de Midi Jumping.<\/p><p style=\"\"><b>20:45<\/b><span style=\"font-weight: inherit;\"> &#8211;&nbsp;<\/span><span style=\"font-weight: inherit;\">Catarina Super Dog Show \/<\/span><span style=\"font-weight: inherit;\">&nbsp;Super Dog Show: Demonstra\u00e7\u00e3o de Freestyle;&nbsp;<\/span><span style=\"font-weight: inherit;\">Catarina Santos com Cherry e Concha<\/span><\/p><p style=\"\"><b>21:00<\/b><span style=\"font-weight: inherit;\"> &#8211;&nbsp;<\/span><span style=\"font-weight: inherit;\">Demonstra\u00e7\u00e3o de Obedi\u00eancia Desportiva \/ Competi\u00e7\u00e3o \u2013 Classe 1, 2 e 3, com membros da equipa da Associa\u00e7\u00e3o Algharbravo e Associa\u00e7\u00e3o Obecani.&nbsp;<\/span><\/p><p style=\"font-weight: 400;\">Louise-Marie Bartolomeu com Maet, Bicampe\u00e3 Nacional de Obedi\u00eancia Desportiva de Classe 3<\/p><p style=\"\"><b>21:30<\/b><span style=\"font-weight: inherit;\"> &#8211;&nbsp;<\/span><span style=\"font-weight: inherit;\">Demonstra\u00e7\u00e3o de IGP pela Petsinn \u2013 Loul\u00e9 \/&nbsp;<\/span><span style=\"font-weight: inherit;\">C\u00e9lia Arraiolos mentora da Petsinn com Anahi<\/span><\/p><p style=\"font-weight: 400;\"><span style=\"font-weight: 700;\"><br><\/span><\/p><p style=\"font-weight: 400;\"><span style=\"font-weight: 700;\">6\u00aa FEIRA&nbsp;<\/span><\/p><p style=\"\"><b>20:00<\/b><span style=\"font-weight: 400;\"> \u2013 Abertura do Palco com Treinos Livres<\/span><\/p><p style=\"\"><b>20:00 <\/b><span style=\"font-weight: 400;\">&#8211; Demonstra\u00e7\u00e3o Obedi\u00eancia Social com a presen\u00e7a dos alunos da SBA Escola de C\u00e3es \u2013 COB: Certifica\u00e7\u00e3o de Obedi\u00eancia B\u00e1sica.&nbsp;<span style=\"font-weight: inherit;\">Ministrada pelo treinador canino certificado pela DGAV: Hern\u00e2ni Carneiro.&nbsp;<\/span><\/span><\/p><p style=\"\"><b>20:30<\/b><span style=\"font-weight: inherit;\"> &#8211;&nbsp;<\/span><span style=\"font-weight: inherit;\">Demonstra\u00e7\u00e3o de modalidades Desportivas caninas \u2013 Associa\u00e7\u00e3o Algharbravo<\/span><\/p><p style=\"font-weight: 400;\">Dog Puller: Catarina Santos com Cherry e Concha, Campe\u00e3 Nacional de Midi Running e Vice-campe\u00e3 Nacional de Midi Jumping.<\/p><p style=\"\"><b>20:45 <\/b><span style=\"font-weight: inherit;\">&#8211;&nbsp;<\/span><span style=\"font-weight: inherit;\">Catarina Super Dog Show \/&nbsp;<\/span><span style=\"font-weight: inherit;\">Super Dog Show: Demonstra\u00e7\u00e3o de Freestyle:&nbsp;<\/span><span style=\"font-weight: inherit;\">Catarina Santos com Cherry e Concha.<\/span><\/p><p style=\"\"><b>21:00<\/b><span style=\"font-weight: inherit;\"> &#8211;&nbsp;<\/span><span style=\"font-weight: inherit;\">Demonstra\u00e7\u00e3o de Obedi\u00eancia Desportiva \/ Competi\u00e7\u00e3o \u2013 Classe 1, 2 e 3, com membros da equipa da Associa\u00e7\u00e3o Algharbravo e Associa\u00e7\u00e3o Obecani.&nbsp;<\/span><span style=\"font-weight: inherit;\">Louise-Marie Bartolomeu com Maet, Bicampe\u00e3 Nacional de Obedi\u00eancia Desportiva de Classe 3.<\/span><\/p><p style=\"\"><b>21:30<\/b><span style=\"font-weight: inherit;\"> &#8211;&nbsp;<\/span><span style=\"font-weight: inherit;\">Demonstra\u00e7\u00e3o de Mondioring \u2013 Escola Cane Utile Algarve \/&nbsp;<\/span><span style=\"font-weight: inherit;\">Celso Alves, multicampe\u00e3o Nacional de Grau 3 e Juiz Internacional.<\/span><\/p><p style=\"font-weight: 400;\"><br><\/p><p style=\"font-weight: 400;\"><span style=\"font-weight: 700;\">S\u00c1BADO<\/span><\/p><p style=\"\"><b>20:00 <\/b><span style=\"font-weight: 400;\">\u2013 Abertura do Palco com Treinos Livres<\/span><\/p><p style=\"\"><b>20:00<\/b><span style=\"font-weight: inherit;\"> &#8211; Demonstra\u00e7\u00e3o Obedi\u00eancia Social com a presen\u00e7a dos alunos da SBA Escola de C\u00e3es \u2013 COB: Certifica\u00e7\u00e3o de Obedi\u00eancia B\u00e1sica.&nbsp;<\/span><span style=\"font-weight: inherit;\">Ministrada pelo treinador canino certificado pela DGAV: Hern\u00e2ni Carneiro.&nbsp;<\/span><\/p><p style=\"\"><b>20:30<\/b><span style=\"font-weight: inherit;\"> &#8211;&nbsp;<\/span><span style=\"font-weight: inherit;\">Demonstra\u00e7\u00e3o de modalidades Desportivas caninas \u2013 Associa\u00e7\u00e3o Algharbravo<\/span><\/p><p style=\"font-weight: 400;\">Dog Puller: Catarina Santos com Cherry e Concha, Campe\u00e3 Nacional de Midi Running e Vice-campe\u00e3 Nacional de Midi Jumping.<\/p><p style=\"\"><b>20:45<\/b><span style=\"font-weight: inherit;\"> &#8211;&nbsp;<\/span><span style=\"font-weight: inherit;\">Catarina Super Dog Show \/&nbsp;<\/span><span style=\"font-weight: inherit;\">Super Dog Show: Demonstra\u00e7\u00e3o de Freestyle;&nbsp;<\/span><span style=\"font-weight: inherit;\">Catarina Santos com Cherry e Concha.<\/span><\/p><p style=\"\"><b>21:00<\/b><span style=\"font-weight: inherit;\"> &#8211;&nbsp;<\/span><span style=\"font-weight: inherit;\">Demonstra\u00e7\u00e3o de Obedi\u00eancia Desportiva\\ Competi\u00e7\u00e3o \u2013 Classe 1, 2 e 3, com membros da equipa da Associa\u00e7\u00e3o Algharbravo e Associa\u00e7\u00e3o Obecani.&nbsp;<\/span><span style=\"font-weight: inherit;\">Louise-Marie Bartolomeu com Maet, Bicampe\u00e3 Nacional de Obedi\u00eancia Desportiva de Classe 3.<\/span><\/p><p style=\"\"><b>21:30<\/b><span style=\"font-weight: inherit;\"> &#8211;&nbsp;<\/span><span style=\"font-weight: inherit;\">Demonstra\u00e7\u00e3o da modalidade de IGP com a Escola Iron Dog Algarve.&nbsp;<\/span>Jo\u00e3o Paulino, 1\u00ba lugar no Mundial de ATIBOX, em IPO 1; 3\u00ba lugar no WUBOX IGP3. Francisco Campos, elemento da sele\u00e7\u00e3o Nacional de IGP no mundial de 2025.<\/p><p style=\"font-weight: 400;\"><br><\/p><p style=\"font-weight: 400;\"><span style=\"font-weight: 700;\">DOMINGO<\/span><\/p><p style=\"\"><b>20:00 <\/b><span style=\"font-weight: inherit;\">&#8211; Abertura do Palco<\/span><\/p><p style=\"\"><b>20:00 <\/b><span style=\"font-weight: inherit;\">&#8211; Demonstra\u00e7\u00e3o Obedi\u00eancia Social com a presen\u00e7a dos alunos da SBA Escola de C\u00e3es \u2013 COB: Certifica\u00e7\u00e3o de Obedi\u00eancia B\u00e1sica.&nbsp;<\/span><span style=\"font-weight: inherit;\">Ministrada pelo treinador canino certificado pela DGAV: Hern\u00e2ni Carneiro.&nbsp;<\/span><\/p><p style=\"\"><b>20:30<\/b><span style=\"font-weight: inherit;\"> &#8211;&nbsp;<\/span><span style=\"font-weight: inherit;\">Demonstra\u00e7\u00e3o de modalidades Desportivas caninas \u2013 Associa\u00e7\u00e3o Algharbravo<\/span><\/p><p style=\"font-weight: 400;\">Dog Puller: Catarina Santos com Cherry e Concha, Campe\u00e3 Nacional de Midi Running e Vice-campe\u00e3 Nacional de Midi Jumping.<\/p><p style=\"\"><b>20:45 <\/b><span style=\"font-weight: inherit;\">&#8211;&nbsp;<\/span><span style=\"font-weight: inherit;\">Catarina Super Dog Show \/&nbsp;<\/span><span style=\"font-weight: inherit;\">Super Dog Show: Demonstra\u00e7\u00e3o de Freestyle;&nbsp;<\/span><span style=\"font-weight: inherit;\">Catarina Santos com Cherry e Concha.<\/span><\/p><p style=\"\"><b>21:00<\/b><span style=\"font-weight: inherit;\"> &#8211;&nbsp;<\/span><span style=\"font-weight: inherit;\">Demonstra\u00e7\u00e3o de Obedi\u00eancia Desportiva \/ Competi\u00e7\u00e3o \u2013 Classe 1, 2 e 3, com membros da equipa da Associa\u00e7\u00e3o Algharbravo e Associa\u00e7\u00e3o Obecani.&nbsp;&nbsp;<\/span>Louise-Marie Bartolomeu com Maet, Bicampe\u00e3 Nacional de Obedi\u00eancia Desportiva de Classe 3.<\/p>\n\n\n\n\n\n\n\n\n<p><b>5\u00aa FEIRA<\/b><\/p>\n<p><b>Toda a noite<\/b> &#8211; Andas Grupo Spirit<br><b>Toda a noite<\/b> &#8211; Mimos e Sorrisos<br><b>20h00 &gt; 21h00 <\/b>&#8211; Banda Filarm\u00f3nica de S\u00e3o Br\u00e1s de Alportel<br><b>21h00 &gt; 22h30<\/b> &#8211; Al Fanfare<\/p>\n<p>6\u00aa FEIRA<\/p>\n<p><span style=\"font-weight: 700;\">Toda a noite<\/span>&nbsp;&#8211; Andas Grupo Spirit<br><span style=\"font-weight: 700;\">Toda a noite<\/span>&nbsp;&#8211; Mimos e Sorrisos<br><span style=\"font-weight: 700;\">21h00 &gt; 22h30<\/span>&nbsp;&#8211; Al Fanfare<\/p>\n\n\n<p><strong>S\u00c1BADO<\/strong><\/p>\n<p><strong>Toda a noite<\/strong> &#8211; Andas Grupo Spirit<br><strong>Toda a noite<\/strong> &#8211; Mimos e Sorrisos<\/p>\n<p><b>DOMINGO<\/b><\/p>\n<p><span style=\"font-weight: 700;\">Toda a noite<\/span>&nbsp;&#8211; Andas Grupo Spirit<br><span style=\"font-weight: 700;\">Toda a noite<\/span>&nbsp;&#8211; Mimos e Sorrisos<br><span style=\"font-weight: 700;\">20h00 &gt; 21h00&nbsp;<\/span>&#8211; Banda Filarm\u00f3nica de S\u00e3o Br\u00e1s de Alportel<br><span style=\"font-weight: 700;\">21h00 &gt; 22h30<\/span>&nbsp;&#8211; Al Fanfare<\/p>\n\n\n<p>Lorem Ipsum has been the industry&#8217;s standard dummy text ever since the 1500s.<\/p>\nA anima\u00e7\u00e3o de rua \u00e9 proporcionada pelos grupos Mimos e Sorrisos, Andas Grupo Spirit, e Banda Filarm\u00f3nica de S\u00e3o Br\u00e1s de Alportel e os Al-Fanfare.\n\n\n\n\n\n\nHora da escrita. Imagin\u00e1rio da Beira Serra, no stand da Biblioteca na nossa Feira da Serra.\n\n\n<strong>PROGRAMA:<\/strong>\n<p><b>24 JULHO | 5\u00aa FEIRA&nbsp;<br>19h00<\/b> &#8211; Ant\u00f3nio Cabral<br><b>21h30<\/b> &#8211; Renato Santos<\/p>\n<p><b>25 JULHO | 6\u00aa FEIRA<\/b><br><b>19h00<\/b> &#8211; Jos\u00e9lia Viegas<br><b>21h30<\/b> &#8211; Paulo Pires<\/p>\n\n\n<p><b>26 JULHO | S\u00c1BADO&nbsp;<\/b><br><b>19h00 <\/b>&#8211; Dora Gago<br><b>21h30 <\/b>&#8211; S\u00edlvia Quinteiro e Maria Jos\u00e9 Marques<\/p>\n<p><b>27 JULHO | DOMINGO<br>19h00 <\/b>&#8211; C\u00e9sar Correia<br><b>21h30 <\/b>&#8211; Cec\u00edlia Amador<\/p>\n\n\n\n\n\n\n","protected":false},"excerpt":{"rendered":"","protected":false},"author":1,"featured_media":0,"parent":22,"menu_order":3,"comment_status":"closed","ping_status":"closed","template":"","meta":{"pagelayer_contact_templates":[],"_pagelayer_content":"","footnotes":""},"class_list":["post-335","page","type-page","status-publish","hentry"],"_links":{"self":[{"href":"https:\/\/feiradaserra.cm-sbras.pt\/fs\/index.php?rest_route=\/wp\/v2\/pages\/335","targetHints":{"allow":["GET"]}}],"collection":[{"href":"https:\/\/feiradaserra.cm-sbras.pt\/fs\/index.php?rest_route=\/wp\/v2\/pages"}],"about":[{"href":"https:\/\/feiradaserra.cm-sbras.pt\/fs\/index.php?rest_route=\/wp\/v2\/types\/page"}],"author":[{"embeddable":true,"href":"https:\/\/feiradaserra.cm-sbras.pt\/fs\/index.php?rest_route=\/wp\/v2\/users\/1"}],"replies":[{"embeddable":true,"href":"https:\/\/feiradaserra.cm-sbras.pt\/fs\/index.php?rest_route=%2Fwp%2Fv2%2Fcomments&post=335"}],"version-history":[{"count":76,"href":"https:\/\/feiradaserra.cm-sbras.pt\/fs\/index.php?rest_route=\/wp\/v2\/pages\/335\/revisions"}],"predecessor-version":[{"id":1092,"href":"https:\/\/feiradaserra.cm-sbras.pt\/fs\/index.php?rest_route=\/wp\/v2\/pages\/335\/revisions\/1092"}],"up":[{"embeddable":true,"href":"https:\/\/feiradaserra.cm-sbras.pt\/fs\/index.php?rest_route=\/wp\/v2\/pages\/22"}],"wp:attachment":[{"href":"https:\/\/feiradaserra.cm-sbras.pt\/fs\/index.php?rest_route=%2Fwp%2Fv2%2Fmedia&parent=335"}],"curies":[{"name":"wp","href":"https:\/\/api.w.org\/{rel}","templated":true}]}}