{"id":183,"date":"2023-05-05T12:55:15","date_gmt":"2023-05-05T12:55:15","guid":{"rendered":"https:\/\/feiradaserra.cm-sbras.pt\/fs\/?page_id=183"},"modified":"2025-07-23T13:52:34","modified_gmt":"2025-07-23T13:52:34","slug":"programa","status":"publish","type":"page","link":"https:\/\/feiradaserra.cm-sbras.pt\/fs\/?page_id=183","title":{"rendered":"Programa"},"content":{"rendered":"\n\n\n\n\n<p [object NamedNodeMap]>Programa<\/p>\n\n\n\n<p>Conhe\u00e7a toda a programa\u00e7\u00e3o da feira.<\/p>\n\n\n\n<p style=\"text-align: left;\"><span style=\"color: rgb(255, 255, 255);\">No dia de abertura da Feira da Serra, no Palco Principal temos <strong>Matias Dam\u00e1sio<\/strong>&nbsp;<\/span><span style=\"text-align: center;\"><font color=\"#ffffff\">e os <strong>TerraSul<\/strong>.<br>&nbsp;<\/font><\/span><\/p><p style=\"font-size: x-large; text-align: left;\"><span style=\"text-align: center;\"><font color=\"#ffffff\"><\/font><\/span><\/p><p><font color=\"#ffffff\"><\/font><\/p><span style=\"line-height:1;\"><h2 style=\"color: rgb(255, 255, 255);\">Matias Dam\u00e1sio<\/h2><\/span><span style=\"line-height: 1;\"><h2 style=\"\"><\/h2><h5 style=\"\"><\/h5><\/span><span style=\"color:#ffffff;\"><span style=\"line-height: 1;\"><p style=\"\"><span style=\"font-weight: inherit;\">GRUPO CAROLAS<\/span><\/p><p style=\"\"><span style=\"font-weight: inherit;\">ANA NEWTON DUO<\/span><\/p><p style=\"\"><span style=\"font-weight: inherit;\">e muito mais&#8230;<\/span><br><\/p><\/span><\/span><p style=\"\"><\/p><p style=\"\"><\/p><p style=\"\"><font color=\"#ffffff\" size=\"5\"><\/font><\/p><p style=\"font-size: x-large;\"><strong style=\"font-family: Poppins; font-size: 16px;\"><span style=\"font-size: 10pt; font-family: Calibri, sans-serif; color: rgb(255, 255, 255);\"><\/span><\/strong><\/p>\n\n\n<p style=\"text-align: justify;\"><span style=\"color: rgb(255, 255, 255);\">No segundo dia da Feira da Serra, temos <\/span><span style=\"text-align: center;\"><font color=\"#ffffff\"><strong>Beatriz Pereira<\/strong>&nbsp;a abrir a noite para <strong>Emanuel<\/strong><\/font><\/span><span style=\"text-align: center;\"><font color=\"#ffffff\">, um dos artistas mais acarinhados pelo p\u00fablico portugu\u00eas<\/font><\/span><span style=\"color: rgb(255, 255, 255); text-align: center;\">.<\/span><\/p><p style=\"font-size: x-large; text-align: left;\"><span style=\"text-align: center;\"><font color=\"#ffffff\"><\/font><\/span><\/p><p><font color=\"#ffffff\"><\/font><\/p><span style=\"line-height: 1;\"><\/span><h2><font color=\"#ffffff\">Emanuel<\/font><br><\/h2><p><span style=\"color: rgb(255, 255, 255); line-height: 1;\"><\/span><\/p><span style=\"color:#ffffff;\"><p>GRUPO JASMIM<br><\/p><p style=\"\"><\/p><\/span><p style=\"color: rgb(255, 255, 255);\">LET&#8217;S GO OUT<\/p><p style=\"color: rgb(255, 255, 255);\">e muito mais&#8230;<br><\/p>\n\n\n\n\n\n<p style=\"text-align: left;\"><font color=\"#ffffff\">No s\u00e1bado, depois do projeto&nbsp;<strong>SuperPop&nbsp;<\/strong>deliciar o p\u00fablico, o consagrado artista&nbsp;<strong>Pedro Abrunhosa&nbsp;<\/strong><\/font><font color=\"#ffffff\" style=\"font-weight: inherit;\">, <br>ir\u00e1 apoderar-se do Palco Principal<\/font><span style=\"font-weight: inherit; text-align: center;\"><font color=\"#ffffff\">.<\/font><\/span><\/p><h2><span style=\"color: rgb(255, 255, 255);\">Pedro&nbsp;<\/span><span style=\"color: rgb(255, 255, 255);\">Abrunhosa<\/span><\/h2><p><span style=\"line-height: 1;\"><\/span><\/p><p style=\"color: rgb(255, 255, 255);\">WALKING ANGELS<br><span style=\"font-weight: inherit;\">SNIFFY COVERS BAND<br><\/span><span style=\"font-weight: inherit;\">e muito mais&#8230;<\/span><\/p>\n\n\n\n\n<p style=\"text-align: left;\"><font color=\"#ffffff\">No 4\u00ba dia de Feira, a m\u00fasica sobe ao palco com <strong>ArtMusa<\/strong>, para depois receber-mos a estrela\u00a0 portuguesa do momento<\/font><span style=\"text-align: center;\"><font color=\"#ffffff\">, <strong>Carolina Deslandes<\/strong><\/font><\/span><span style=\"color: rgb(255, 255, 255); text-align: center;\">.<\/span><\/p><h2><font color=\"#ffffff\">Carolina\u00a0Deslandes<span style=\"background-color: rgb(41, 48, 32);\"><br><\/span><\/font><\/h2><p style=\"color: rgb(255, 255, 255);\">VOZES DO BARROCAL<br><span style=\"font-weight: inherit;\">CANTE ANDARILHO<br><\/span><span style=\"font-weight: inherit;\">e muito mais&#8230;<\/span><\/p>\n\n\n\n\n\n","protected":false},"excerpt":{"rendered":"","protected":false},"author":1,"featured_media":0,"parent":0,"menu_order":0,"comment_status":"closed","ping_status":"closed","template":"","meta":{"pagelayer_contact_templates":[],"_pagelayer_content":"","footnotes":""},"class_list":["post-183","page","type-page","status-publish","hentry"],"_links":{"self":[{"href":"https:\/\/feiradaserra.cm-sbras.pt\/fs\/index.php?rest_route=\/wp\/v2\/pages\/183","targetHints":{"allow":["GET"]}}],"collection":[{"href":"https:\/\/feiradaserra.cm-sbras.pt\/fs\/index.php?rest_route=\/wp\/v2\/pages"}],"about":[{"href":"https:\/\/feiradaserra.cm-sbras.pt\/fs\/index.php?rest_route=\/wp\/v2\/types\/page"}],"author":[{"embeddable":true,"href":"https:\/\/feiradaserra.cm-sbras.pt\/fs\/index.php?rest_route=\/wp\/v2\/users\/1"}],"replies":[{"embeddable":true,"href":"https:\/\/feiradaserra.cm-sbras.pt\/fs\/index.php?rest_route=%2Fwp%2Fv2%2Fcomments&post=183"}],"version-history":[{"count":38,"href":"https:\/\/feiradaserra.cm-sbras.pt\/fs\/index.php?rest_route=\/wp\/v2\/pages\/183\/revisions"}],"predecessor-version":[{"id":1061,"href":"https:\/\/feiradaserra.cm-sbras.pt\/fs\/index.php?rest_route=\/wp\/v2\/pages\/183\/revisions\/1061"}],"wp:attachment":[{"href":"https:\/\/feiradaserra.cm-sbras.pt\/fs\/index.php?rest_route=%2Fwp%2Fv2%2Fmedia&parent=183"}],"curies":[{"name":"wp","href":"https:\/\/api.w.org\/{rel}","templated":true}]}}